{"id":4520,"date":"2019-07-15T13:28:48","date_gmt":"2019-07-15T13:28:48","guid":{"rendered":"https:\/\/www.suessemjetaime.lu\/gustoso\/"},"modified":"2019-08-06T06:53:16","modified_gmt":"2019-08-06T06:53:16","slug":"gustoso","status":"publish","type":"page","link":"https:\/\/www.suessemjetaime.lu\/fr\/gustoso\/","title":{"rendered":"Gustoso !"},"content":{"rendered":"<p>[vc_row][vc_column][vc_empty_space height=\u00a0\u00bb50&Prime;][\/vc_column][\/vc_row][vc_row][vc_column]<div class=\"mkdf-news-holder mkdf-layout1 mkdf-grid-list mkdf-three-columns mkdf-huge-space\"  data-post-status=publish data-category-name=gustoso-lu data-ignore-sticky-posts=1 data-orderby=date data-sort=latest data-paged=1 data-max-num-pages=1 data-next-page=2 data-title-tag=h5 data-image-size=full data-display-categories=yes data-display-excerpt=no data-display-date=no data-date-format=difference data-display-share=no data-display-hot-trending-icons=no data-layout=mkdf_layout1><div class=\"mkdf-news-list-inner mkdf-outer-space\" data-number-of-items=\"1\"   data-slider-speed=\"5000\" data-slider-speed-animation=\"600\"  ><div class=\"mkdf-news-item mkdf-layout1-item mkdf-item-space\">\n\t<div class=\"mkdf-ni-image-holder\">\n\t\t\t<div class=\"mkdf-post-image\">\n\t\t<a itemprop=\"url\" href=\"https:\/\/www.suessemjetaime.lu\/fr\/bacalhaususana\/\" title=\"Bacalhau \u00e0 la Susana\">\n\t\t\t<img width=\"2560\" height=\"1707\" src=\"https:\/\/www.suessemjetaime.lu\/wp-content\/uploads\/2023\/01\/Gustoso_Susana_230106_DSF9720-scaled.jpg\" class=\"attachment-full size-full wp-post-image\" alt=\"\" loading=\"lazy\" srcset=\"https:\/\/www.suessemjetaime.lu\/wp-content\/uploads\/2023\/01\/Gustoso_Susana_230106_DSF9720-scaled.jpg 2560w, https:\/\/www.suessemjetaime.lu\/wp-content\/uploads\/2023\/01\/Gustoso_Susana_230106_DSF9720-300x200.jpg 300w, https:\/\/www.suessemjetaime.lu\/wp-content\/uploads\/2023\/01\/Gustoso_Susana_230106_DSF9720-1024x683.jpg 1024w, https:\/\/www.suessemjetaime.lu\/wp-content\/uploads\/2023\/01\/Gustoso_Susana_230106_DSF9720-768x512.jpg 768w, https:\/\/www.suessemjetaime.lu\/wp-content\/uploads\/2023\/01\/Gustoso_Susana_230106_DSF9720-1536x1024.jpg 1536w, https:\/\/www.suessemjetaime.lu\/wp-content\/uploads\/2023\/01\/Gustoso_Susana_230106_DSF9720-600x400.jpg 600w\" sizes=\"(max-width: 2560px) 100vw, 2560px\" \/>\t\t<\/a>\n\t<\/div>\n\t\t\t\t        <div class=\"mkdf-ni-content\">\n            <div class=\"mkdf-ni-info mkdf-ni-info-top\">\n\t\t\t\t<div class=\"mkdf-post-info-category\" style=\" background-color: #694828\"><a href=\"https:\/\/www.suessemjetaime.lu\/fr\/category\/food\/gustoso\/\">Gustoso<\/a><\/div>            <\/div>\n            <div>\n\t\t\t    \n<h5 itemprop=\"name\" class=\"entry-title mkdf-post-title\">\n\t<a itemprop=\"url\" href=\"https:\/\/www.suessemjetaime.lu\/fr\/bacalhaususana\/\" title=\"Bacalhau \u00e0 la Susana\">\n\t\tBacalhau \u00e0 la Susana\t<\/a>\n<\/h5>            <\/div>\n        <\/div>\n\t<\/div>\n<\/div><div class=\"mkdf-news-item mkdf-layout1-item mkdf-item-space\">\n\t<div class=\"mkdf-ni-image-holder\">\n\t\t\t<div class=\"mkdf-post-image\">\n\t\t<a itemprop=\"url\" href=\"https:\/\/www.suessemjetaime.lu\/fr\/congo\/\" title=\"Foufou, Pondu &#038; Biteku\">\n\t\t\t<img width=\"2560\" height=\"1707\" src=\"https:\/\/www.suessemjetaime.lu\/wp-content\/uploads\/2022\/12\/gustoso_221214-11-scaled.jpg\" class=\"attachment-full size-full wp-post-image\" alt=\"\" loading=\"lazy\" srcset=\"https:\/\/www.suessemjetaime.lu\/wp-content\/uploads\/2022\/12\/gustoso_221214-11-scaled.jpg 2560w, https:\/\/www.suessemjetaime.lu\/wp-content\/uploads\/2022\/12\/gustoso_221214-11-300x200.jpg 300w, https:\/\/www.suessemjetaime.lu\/wp-content\/uploads\/2022\/12\/gustoso_221214-11-1024x683.jpg 1024w, https:\/\/www.suessemjetaime.lu\/wp-content\/uploads\/2022\/12\/gustoso_221214-11-768x512.jpg 768w, https:\/\/www.suessemjetaime.lu\/wp-content\/uploads\/2022\/12\/gustoso_221214-11-1536x1024.jpg 1536w, https:\/\/www.suessemjetaime.lu\/wp-content\/uploads\/2022\/12\/gustoso_221214-11-600x400.jpg 600w\" sizes=\"(max-width: 2560px) 100vw, 2560px\" \/>\t\t<\/a>\n\t<\/div>\n\t\t\t\t        <div class=\"mkdf-ni-content\">\n            <div class=\"mkdf-ni-info mkdf-ni-info-top\">\n\t\t\t\t<div class=\"mkdf-post-info-category\" style=\" background-color: #694828\"><a href=\"https:\/\/www.suessemjetaime.lu\/fr\/category\/food\/gustoso\/\">Gustoso<\/a><\/div>            <\/div>\n            <div>\n\t\t\t    \n<h5 itemprop=\"name\" class=\"entry-title mkdf-post-title\">\n\t<a itemprop=\"url\" href=\"https:\/\/www.suessemjetaime.lu\/fr\/congo\/\" title=\"Foufou, Pondu &#038; Biteku\">\n\t\tFoufou, Pondu &#038; Biteku\t<\/a>\n<\/h5>            <\/div>\n        <\/div>\n\t<\/div>\n<\/div><div class=\"mkdf-news-item mkdf-layout1-item mkdf-item-space\">\n\t<div class=\"mkdf-ni-image-holder\">\n\t\t\t<div class=\"mkdf-post-image\">\n\t\t<a itemprop=\"url\" href=\"https:\/\/www.suessemjetaime.lu\/fr\/benga\/\" title=\"Benga\">\n\t\t\t<img width=\"2560\" height=\"1707\" src=\"https:\/\/www.suessemjetaime.lu\/wp-content\/uploads\/2022\/10\/DSCF6048-scaled.jpg\" class=\"attachment-full size-full wp-post-image\" alt=\"\" loading=\"lazy\" srcset=\"https:\/\/www.suessemjetaime.lu\/wp-content\/uploads\/2022\/10\/DSCF6048-scaled.jpg 2560w, https:\/\/www.suessemjetaime.lu\/wp-content\/uploads\/2022\/10\/DSCF6048-300x200.jpg 300w, https:\/\/www.suessemjetaime.lu\/wp-content\/uploads\/2022\/10\/DSCF6048-1024x683.jpg 1024w, https:\/\/www.suessemjetaime.lu\/wp-content\/uploads\/2022\/10\/DSCF6048-768x512.jpg 768w, https:\/\/www.suessemjetaime.lu\/wp-content\/uploads\/2022\/10\/DSCF6048-1536x1024.jpg 1536w, https:\/\/www.suessemjetaime.lu\/wp-content\/uploads\/2022\/10\/DSCF6048-600x400.jpg 600w\" sizes=\"(max-width: 2560px) 100vw, 2560px\" \/>\t\t<\/a>\n\t<\/div>\n\t\t\t\t        <div class=\"mkdf-ni-content\">\n            <div class=\"mkdf-ni-info mkdf-ni-info-top\">\n\t\t\t\t<div class=\"mkdf-post-info-category\" style=\" background-color: #694828\"><a href=\"https:\/\/www.suessemjetaime.lu\/fr\/category\/food\/gustoso\/\">Gustoso<\/a><\/div>            <\/div>\n            <div>\n\t\t\t    \n<h5 itemprop=\"name\" class=\"entry-title mkdf-post-title\">\n\t<a itemprop=\"url\" href=\"https:\/\/www.suessemjetaime.lu\/fr\/benga\/\" title=\"Benga\">\n\t\tBenga\t<\/a>\n<\/h5>            <\/div>\n        <\/div>\n\t<\/div>\n<\/div><div class=\"mkdf-news-item mkdf-layout1-item mkdf-item-space\">\n\t<div class=\"mkdf-ni-image-holder\">\n\t\t\t<div class=\"mkdf-post-image\">\n\t\t<a itemprop=\"url\" href=\"https:\/\/www.suessemjetaime.lu\/fr\/pouletauvin\/\" title=\"Des racines et des vins fran\u00e7ais\">\n\t\t\t<img width=\"2560\" height=\"1707\" src=\"https:\/\/www.suessemjetaime.lu\/wp-content\/uploads\/2022\/05\/DSCF5634-scaled.jpg\" class=\"attachment-full size-full wp-post-image\" alt=\"\" loading=\"lazy\" srcset=\"https:\/\/www.suessemjetaime.lu\/wp-content\/uploads\/2022\/05\/DSCF5634-scaled.jpg 2560w, https:\/\/www.suessemjetaime.lu\/wp-content\/uploads\/2022\/05\/DSCF5634-300x200.jpg 300w, https:\/\/www.suessemjetaime.lu\/wp-content\/uploads\/2022\/05\/DSCF5634-1024x683.jpg 1024w, https:\/\/www.suessemjetaime.lu\/wp-content\/uploads\/2022\/05\/DSCF5634-768x512.jpg 768w, https:\/\/www.suessemjetaime.lu\/wp-content\/uploads\/2022\/05\/DSCF5634-1536x1024.jpg 1536w, https:\/\/www.suessemjetaime.lu\/wp-content\/uploads\/2022\/05\/DSCF5634-600x400.jpg 600w\" sizes=\"(max-width: 2560px) 100vw, 2560px\" \/>\t\t<\/a>\n\t<\/div>\n\t\t\t\t        <div class=\"mkdf-ni-content\">\n            <div class=\"mkdf-ni-info mkdf-ni-info-top\">\n\t\t\t\t<div class=\"mkdf-post-info-category\" style=\" background-color: #694828\"><a href=\"https:\/\/www.suessemjetaime.lu\/fr\/category\/food\/gustoso\/\">Gustoso<\/a><\/div>            <\/div>\n            <div>\n\t\t\t    \n<h5 itemprop=\"name\" class=\"entry-title mkdf-post-title\">\n\t<a itemprop=\"url\" href=\"https:\/\/www.suessemjetaime.lu\/fr\/pouletauvin\/\" title=\"Des racines et des vins fran\u00e7ais\">\n\t\tDes racines et des vins fran\u00e7ais\t<\/a>\n<\/h5>            <\/div>\n        <\/div>\n\t<\/div>\n<\/div><div class=\"mkdf-news-item mkdf-layout1-item mkdf-item-space\">\n\t<div class=\"mkdf-ni-image-holder\">\n\t\t\t<div class=\"mkdf-post-image\">\n\t\t<a itemprop=\"url\" href=\"https:\/\/www.suessemjetaime.lu\/fr\/suede\/\" title=\"Tack f\u00f6r maten &#8211; Merci pour le repas\">\n\t\t\t<img width=\"1617\" height=\"1080\" src=\"https:\/\/www.suessemjetaime.lu\/wp-content\/uploads\/2022\/03\/SjT_Thumbnail_GustosoSchweden_220211-copy.jpg\" class=\"attachment-full size-full wp-post-image\" alt=\"\" loading=\"lazy\" srcset=\"https:\/\/www.suessemjetaime.lu\/wp-content\/uploads\/2022\/03\/SjT_Thumbnail_GustosoSchweden_220211-copy.jpg 1617w, https:\/\/www.suessemjetaime.lu\/wp-content\/uploads\/2022\/03\/SjT_Thumbnail_GustosoSchweden_220211-copy-300x200.jpg 300w, https:\/\/www.suessemjetaime.lu\/wp-content\/uploads\/2022\/03\/SjT_Thumbnail_GustosoSchweden_220211-copy-1024x684.jpg 1024w, https:\/\/www.suessemjetaime.lu\/wp-content\/uploads\/2022\/03\/SjT_Thumbnail_GustosoSchweden_220211-copy-768x513.jpg 768w, https:\/\/www.suessemjetaime.lu\/wp-content\/uploads\/2022\/03\/SjT_Thumbnail_GustosoSchweden_220211-copy-1536x1026.jpg 1536w, https:\/\/www.suessemjetaime.lu\/wp-content\/uploads\/2022\/03\/SjT_Thumbnail_GustosoSchweden_220211-copy-600x401.jpg 600w\" sizes=\"(max-width: 1617px) 100vw, 1617px\" \/>\t\t<\/a>\n\t<\/div>\n\t\t\t\t        <div class=\"mkdf-ni-content\">\n            <div class=\"mkdf-ni-info mkdf-ni-info-top\">\n\t\t\t\t<div class=\"mkdf-post-info-category\" style=\" background-color: #694828\"><a href=\"https:\/\/www.suessemjetaime.lu\/fr\/category\/food\/gustoso\/\">Gustoso<\/a><\/div>            <\/div>\n            <div>\n\t\t\t    \n<h5 itemprop=\"name\" class=\"entry-title mkdf-post-title\">\n\t<a itemprop=\"url\" href=\"https:\/\/www.suessemjetaime.lu\/fr\/suede\/\" title=\"Tack f\u00f6r maten &#8211; Merci pour le repas\">\n\t\tTack f\u00f6r maten &#8211; Merci pour le repas\t<\/a>\n<\/h5>            <\/div>\n        <\/div>\n\t<\/div>\n<\/div><div class=\"mkdf-news-item mkdf-layout1-item mkdf-item-space\">\n\t<div class=\"mkdf-ni-image-holder\">\n\t\t\t<div class=\"mkdf-post-image\">\n\t\t<a itemprop=\"url\" href=\"https:\/\/www.suessemjetaime.lu\/fr\/escalopesaumon\/\" title=\"Talent h\u00e9rit\u00e9\">\n\t\t\t<img width=\"2560\" height=\"1707\" src=\"https:\/\/www.suessemjetaime.lu\/wp-content\/uploads\/2021\/10\/DSCF0731-scaled.jpg\" class=\"attachment-full size-full wp-post-image\" alt=\"\" loading=\"lazy\" srcset=\"https:\/\/www.suessemjetaime.lu\/wp-content\/uploads\/2021\/10\/DSCF0731-scaled.jpg 2560w, https:\/\/www.suessemjetaime.lu\/wp-content\/uploads\/2021\/10\/DSCF0731-300x200.jpg 300w, https:\/\/www.suessemjetaime.lu\/wp-content\/uploads\/2021\/10\/DSCF0731-1024x683.jpg 1024w, https:\/\/www.suessemjetaime.lu\/wp-content\/uploads\/2021\/10\/DSCF0731-768x512.jpg 768w, https:\/\/www.suessemjetaime.lu\/wp-content\/uploads\/2021\/10\/DSCF0731-1536x1024.jpg 1536w, https:\/\/www.suessemjetaime.lu\/wp-content\/uploads\/2021\/10\/DSCF0731-600x400.jpg 600w\" sizes=\"(max-width: 2560px) 100vw, 2560px\" \/>\t\t<\/a>\n\t<\/div>\n\t\t\t\t        <div class=\"mkdf-ni-content\">\n            <div class=\"mkdf-ni-info mkdf-ni-info-top\">\n\t\t\t\t<div class=\"mkdf-post-info-category\" style=\" background-color: #694828\"><a href=\"https:\/\/www.suessemjetaime.lu\/fr\/category\/food\/gustoso\/\">Gustoso<\/a><\/div>            <\/div>\n            <div>\n\t\t\t    \n<h5 itemprop=\"name\" class=\"entry-title mkdf-post-title\">\n\t<a itemprop=\"url\" href=\"https:\/\/www.suessemjetaime.lu\/fr\/escalopesaumon\/\" title=\"Talent h\u00e9rit\u00e9\">\n\t\tTalent h\u00e9rit\u00e9\t<\/a>\n<\/h5>            <\/div>\n        <\/div>\n\t<\/div>\n<\/div><div class=\"mkdf-news-item mkdf-layout1-item mkdf-item-space\">\n\t<div class=\"mkdf-ni-image-holder\">\n\t\t\t<div class=\"mkdf-post-image\">\n\t\t<a itemprop=\"url\" href=\"https:\/\/www.suessemjetaime.lu\/fr\/ukrain\/\" title=\"Des vitamines ukrainiennes\">\n\t\t\t<img width=\"2560\" height=\"1707\" src=\"https:\/\/www.suessemjetaime.lu\/wp-content\/uploads\/2021\/06\/Gustoso_Natalia_210317_DSF1556-scaled.jpg\" class=\"attachment-full size-full wp-post-image\" alt=\"\" loading=\"lazy\" srcset=\"https:\/\/www.suessemjetaime.lu\/wp-content\/uploads\/2021\/06\/Gustoso_Natalia_210317_DSF1556-scaled.jpg 2560w, https:\/\/www.suessemjetaime.lu\/wp-content\/uploads\/2021\/06\/Gustoso_Natalia_210317_DSF1556-300x200.jpg 300w, https:\/\/www.suessemjetaime.lu\/wp-content\/uploads\/2021\/06\/Gustoso_Natalia_210317_DSF1556-1024x683.jpg 1024w, https:\/\/www.suessemjetaime.lu\/wp-content\/uploads\/2021\/06\/Gustoso_Natalia_210317_DSF1556-768x512.jpg 768w, https:\/\/www.suessemjetaime.lu\/wp-content\/uploads\/2021\/06\/Gustoso_Natalia_210317_DSF1556-1536x1024.jpg 1536w, https:\/\/www.suessemjetaime.lu\/wp-content\/uploads\/2021\/06\/Gustoso_Natalia_210317_DSF1556-600x400.jpg 600w\" sizes=\"(max-width: 2560px) 100vw, 2560px\" \/>\t\t<\/a>\n\t<\/div>\n\t\t\t\t        <div class=\"mkdf-ni-content\">\n            <div class=\"mkdf-ni-info mkdf-ni-info-top\">\n\t\t\t\t<div class=\"mkdf-post-info-category\" style=\" background-color: #694828\"><a href=\"https:\/\/www.suessemjetaime.lu\/fr\/category\/food\/gustoso\/\">Gustoso<\/a><\/div>            <\/div>\n            <div>\n\t\t\t    \n<h5 itemprop=\"name\" class=\"entry-title mkdf-post-title\">\n\t<a itemprop=\"url\" href=\"https:\/\/www.suessemjetaime.lu\/fr\/ukrain\/\" title=\"Des vitamines ukrainiennes\">\n\t\tDes vitamines ukrainiennes\t<\/a>\n<\/h5>            <\/div>\n        <\/div>\n\t<\/div>\n<\/div><div class=\"mkdf-news-item mkdf-layout1-item mkdf-item-space\">\n\t<div class=\"mkdf-ni-image-holder\">\n\t\t\t<div class=\"mkdf-post-image\">\n\t\t<a itemprop=\"url\" href=\"https:\/\/www.suessemjetaime.lu\/fr\/colombie\/\" title=\"Un an en Colombie\">\n\t\t\t<img width=\"2560\" height=\"1707\" src=\"https:\/\/www.suessemjetaime.lu\/wp-content\/uploads\/2021\/04\/Gustoso_Myriam_210309_DSF3437-scaled.jpg\" class=\"attachment-full size-full wp-post-image\" alt=\"\" loading=\"lazy\" srcset=\"https:\/\/www.suessemjetaime.lu\/wp-content\/uploads\/2021\/04\/Gustoso_Myriam_210309_DSF3437-scaled.jpg 2560w, https:\/\/www.suessemjetaime.lu\/wp-content\/uploads\/2021\/04\/Gustoso_Myriam_210309_DSF3437-300x200.jpg 300w, https:\/\/www.suessemjetaime.lu\/wp-content\/uploads\/2021\/04\/Gustoso_Myriam_210309_DSF3437-1024x683.jpg 1024w, https:\/\/www.suessemjetaime.lu\/wp-content\/uploads\/2021\/04\/Gustoso_Myriam_210309_DSF3437-768x512.jpg 768w, https:\/\/www.suessemjetaime.lu\/wp-content\/uploads\/2021\/04\/Gustoso_Myriam_210309_DSF3437-1536x1024.jpg 1536w, https:\/\/www.suessemjetaime.lu\/wp-content\/uploads\/2021\/04\/Gustoso_Myriam_210309_DSF3437-600x400.jpg 600w\" sizes=\"(max-width: 2560px) 100vw, 2560px\" \/>\t\t<\/a>\n\t<\/div>\n\t\t\t\t        <div class=\"mkdf-ni-content\">\n            <div class=\"mkdf-ni-info mkdf-ni-info-top\">\n\t\t\t\t<div class=\"mkdf-post-info-category\" style=\" background-color: #694828\"><a href=\"https:\/\/www.suessemjetaime.lu\/fr\/category\/food\/gustoso\/\">Gustoso<\/a><\/div>            <\/div>\n            <div>\n\t\t\t    \n<h5 itemprop=\"name\" class=\"entry-title mkdf-post-title\">\n\t<a itemprop=\"url\" href=\"https:\/\/www.suessemjetaime.lu\/fr\/colombie\/\" title=\"Un an en Colombie\">\n\t\tUn an en Colombie\t<\/a>\n<\/h5>            <\/div>\n        <\/div>\n\t<\/div>\n<\/div><div class=\"mkdf-news-item mkdf-layout1-item mkdf-item-space\">\n\t<div class=\"mkdf-ni-image-holder\">\n\t\t\t<div class=\"mkdf-post-image\">\n\t\t<a itemprop=\"url\" href=\"https:\/\/www.suessemjetaime.lu\/fr\/betty\/\" title=\"Au nom de l&rsquo;amour\">\n\t\t\t<img width=\"2560\" height=\"1707\" src=\"https:\/\/www.suessemjetaime.lu\/wp-content\/uploads\/2020\/12\/201126_GustosoBetty_DSF9912-scaled.jpg\" class=\"attachment-full size-full wp-post-image\" alt=\"\" loading=\"lazy\" srcset=\"https:\/\/www.suessemjetaime.lu\/wp-content\/uploads\/2020\/12\/201126_GustosoBetty_DSF9912-scaled.jpg 2560w, https:\/\/www.suessemjetaime.lu\/wp-content\/uploads\/2020\/12\/201126_GustosoBetty_DSF9912-300x200.jpg 300w, https:\/\/www.suessemjetaime.lu\/wp-content\/uploads\/2020\/12\/201126_GustosoBetty_DSF9912-1024x683.jpg 1024w, https:\/\/www.suessemjetaime.lu\/wp-content\/uploads\/2020\/12\/201126_GustosoBetty_DSF9912-768x512.jpg 768w, https:\/\/www.suessemjetaime.lu\/wp-content\/uploads\/2020\/12\/201126_GustosoBetty_DSF9912-1536x1024.jpg 1536w, https:\/\/www.suessemjetaime.lu\/wp-content\/uploads\/2020\/12\/201126_GustosoBetty_DSF9912-600x400.jpg 600w\" sizes=\"(max-width: 2560px) 100vw, 2560px\" \/>\t\t<\/a>\n\t<\/div>\n\t\t\t\t        <div class=\"mkdf-ni-content\">\n            <div class=\"mkdf-ni-info mkdf-ni-info-top\">\n\t\t\t\t<div class=\"mkdf-post-info-category\" style=\" background-color: #694828\"><a href=\"https:\/\/www.suessemjetaime.lu\/fr\/category\/food\/gustoso\/\">Gustoso<\/a><\/div>            <\/div>\n            <div>\n\t\t\t    \n<h5 itemprop=\"name\" class=\"entry-title mkdf-post-title\">\n\t<a itemprop=\"url\" href=\"https:\/\/www.suessemjetaime.lu\/fr\/betty\/\" title=\"Au nom de l&rsquo;amour\">\n\t\tAu nom de l&rsquo;amour\t<\/a>\n<\/h5>            <\/div>\n        <\/div>\n\t<\/div>\n<\/div><div class=\"mkdf-news-item mkdf-layout1-item mkdf-item-space\">\n\t<div class=\"mkdf-ni-image-holder\">\n\t\t\t<div class=\"mkdf-post-image\">\n\t\t<a itemprop=\"url\" href=\"https:\/\/www.suessemjetaime.lu\/fr\/le-couscous-dain-sefra\/\" title=\"Le Couscous d\u2019A\u00efn S\u00e9fra\">\n\t\t\t<img width=\"5737\" height=\"3825\" src=\"https:\/\/www.suessemjetaime.lu\/wp-content\/uploads\/2020\/10\/Gustoso_Ouakef_200131__XH17259.jpg\" class=\"attachment-full size-full wp-post-image\" alt=\"\" loading=\"lazy\" srcset=\"https:\/\/www.suessemjetaime.lu\/wp-content\/uploads\/2020\/10\/Gustoso_Ouakef_200131__XH17259.jpg 5737w, https:\/\/www.suessemjetaime.lu\/wp-content\/uploads\/2020\/10\/Gustoso_Ouakef_200131__XH17259-300x200.jpg 300w, https:\/\/www.suessemjetaime.lu\/wp-content\/uploads\/2020\/10\/Gustoso_Ouakef_200131__XH17259-768x512.jpg 768w, https:\/\/www.suessemjetaime.lu\/wp-content\/uploads\/2020\/10\/Gustoso_Ouakef_200131__XH17259-1024x683.jpg 1024w, https:\/\/www.suessemjetaime.lu\/wp-content\/uploads\/2020\/10\/Gustoso_Ouakef_200131__XH17259-600x400.jpg 600w\" sizes=\"(max-width: 5737px) 100vw, 5737px\" \/>\t\t<\/a>\n\t<\/div>\n\t\t\t\t        <div class=\"mkdf-ni-content\">\n            <div class=\"mkdf-ni-info mkdf-ni-info-top\">\n\t\t\t\t<div class=\"mkdf-post-info-category\" style=\" background-color: #694828\"><a href=\"https:\/\/www.suessemjetaime.lu\/fr\/category\/food\/gustoso\/\">Gustoso<\/a><\/div>            <\/div>\n            <div>\n\t\t\t    \n<h5 itemprop=\"name\" class=\"entry-title mkdf-post-title\">\n\t<a itemprop=\"url\" href=\"https:\/\/www.suessemjetaime.lu\/fr\/le-couscous-dain-sefra\/\" title=\"Le Couscous d\u2019A\u00efn S\u00e9fra\">\n\t\tLe Couscous d\u2019A\u00efn S\u00e9fra\t<\/a>\n<\/h5>            <\/div>\n        <\/div>\n\t<\/div>\n<\/div><div class=\"mkdf-news-item mkdf-layout1-item mkdf-item-space\">\n\t<div class=\"mkdf-ni-image-holder\">\n\t\t\t<div class=\"mkdf-post-image\">\n\t\t<a itemprop=\"url\" href=\"https:\/\/www.suessemjetaime.lu\/fr\/gnocchi-a-la-anna\/\" title=\"Gnocchi \u00e0 la Anna\">\n\t\t\t<img width=\"6000\" height=\"4000\" src=\"https:\/\/www.suessemjetaime.lu\/wp-content\/uploads\/2020\/08\/DSF6620.jpg\" class=\"attachment-full size-full wp-post-image\" alt=\"\" loading=\"lazy\" srcset=\"https:\/\/www.suessemjetaime.lu\/wp-content\/uploads\/2020\/08\/DSF6620.jpg 6000w, https:\/\/www.suessemjetaime.lu\/wp-content\/uploads\/2020\/08\/DSF6620-300x200.jpg 300w, https:\/\/www.suessemjetaime.lu\/wp-content\/uploads\/2020\/08\/DSF6620-768x512.jpg 768w, https:\/\/www.suessemjetaime.lu\/wp-content\/uploads\/2020\/08\/DSF6620-1024x683.jpg 1024w, https:\/\/www.suessemjetaime.lu\/wp-content\/uploads\/2020\/08\/DSF6620-600x400.jpg 600w\" sizes=\"(max-width: 6000px) 100vw, 6000px\" \/>\t\t<\/a>\n\t<\/div>\n\t\t\t\t        <div class=\"mkdf-ni-content\">\n            <div class=\"mkdf-ni-info mkdf-ni-info-top\">\n\t\t\t\t<div class=\"mkdf-post-info-category\" style=\" background-color: #694828\"><a href=\"https:\/\/www.suessemjetaime.lu\/fr\/category\/food\/gustoso\/\">Gustoso<\/a><\/div>            <\/div>\n            <div>\n\t\t\t    \n<h5 itemprop=\"name\" class=\"entry-title mkdf-post-title\">\n\t<a itemprop=\"url\" href=\"https:\/\/www.suessemjetaime.lu\/fr\/gnocchi-a-la-anna\/\" title=\"Gnocchi \u00e0 la Anna\">\n\t\tGnocchi \u00e0 la Anna\t<\/a>\n<\/h5>            <\/div>\n        <\/div>\n\t<\/div>\n<\/div><div class=\"mkdf-news-item mkdf-layout1-item mkdf-item-space\">\n\t<div class=\"mkdf-ni-image-holder\">\n\t\t\t<div class=\"mkdf-post-image\">\n\t\t<a itemprop=\"url\" href=\"https:\/\/www.suessemjetaime.lu\/fr\/iran-un-monde-a-part\/\" title=\"L&rsquo;Iran, un monde \u00e0 part\">\n\t\t\t<img width=\"2048\" height=\"1365\" src=\"https:\/\/www.suessemjetaime.lu\/wp-content\/uploads\/2020\/05\/DSF6019.jpg\" class=\"attachment-full size-full wp-post-image\" alt=\"\" loading=\"lazy\" srcset=\"https:\/\/www.suessemjetaime.lu\/wp-content\/uploads\/2020\/05\/DSF6019.jpg 2048w, https:\/\/www.suessemjetaime.lu\/wp-content\/uploads\/2020\/05\/DSF6019-300x200.jpg 300w, https:\/\/www.suessemjetaime.lu\/wp-content\/uploads\/2020\/05\/DSF6019-768x512.jpg 768w, https:\/\/www.suessemjetaime.lu\/wp-content\/uploads\/2020\/05\/DSF6019-1024x683.jpg 1024w, https:\/\/www.suessemjetaime.lu\/wp-content\/uploads\/2020\/05\/DSF6019-600x400.jpg 600w\" sizes=\"(max-width: 2048px) 100vw, 2048px\" \/>\t\t<\/a>\n\t<\/div>\n\t\t\t\t        <div class=\"mkdf-ni-content\">\n            <div class=\"mkdf-ni-info mkdf-ni-info-top\">\n\t\t\t\t<div class=\"mkdf-post-info-category\" style=\" background-color: #694828\"><a href=\"https:\/\/www.suessemjetaime.lu\/fr\/category\/food\/gustoso\/\">Gustoso<\/a><\/div>            <\/div>\n            <div>\n\t\t\t    \n<h5 itemprop=\"name\" class=\"entry-title mkdf-post-title\">\n\t<a itemprop=\"url\" href=\"https:\/\/www.suessemjetaime.lu\/fr\/iran-un-monde-a-part\/\" title=\"L&rsquo;Iran, un monde \u00e0 part\">\n\t\tL&rsquo;Iran, un monde \u00e0 part\t<\/a>\n<\/h5>            <\/div>\n        <\/div>\n\t<\/div>\n<\/div><div class=\"mkdf-news-item mkdf-layout1-item mkdf-item-space\">\n\t<div class=\"mkdf-ni-image-holder\">\n\t\t\t<div class=\"mkdf-post-image\">\n\t\t<a itemprop=\"url\" href=\"https:\/\/www.suessemjetaime.lu\/fr\/vive-la-france\/\" title=\"Vive la France !\">\n\t\t\t<img width=\"2048\" height=\"1365\" src=\"https:\/\/www.suessemjetaime.lu\/wp-content\/uploads\/2020\/02\/XH12231.jpg\" class=\"attachment-full size-full wp-post-image\" alt=\"\" loading=\"lazy\" srcset=\"https:\/\/www.suessemjetaime.lu\/wp-content\/uploads\/2020\/02\/XH12231.jpg 2048w, https:\/\/www.suessemjetaime.lu\/wp-content\/uploads\/2020\/02\/XH12231-300x200.jpg 300w, https:\/\/www.suessemjetaime.lu\/wp-content\/uploads\/2020\/02\/XH12231-768x512.jpg 768w, https:\/\/www.suessemjetaime.lu\/wp-content\/uploads\/2020\/02\/XH12231-1024x683.jpg 1024w, https:\/\/www.suessemjetaime.lu\/wp-content\/uploads\/2020\/02\/XH12231-600x400.jpg 600w\" sizes=\"(max-width: 2048px) 100vw, 2048px\" \/>\t\t<\/a>\n\t<\/div>\n\t\t\t\t        <div class=\"mkdf-ni-content\">\n            <div class=\"mkdf-ni-info mkdf-ni-info-top\">\n\t\t\t\t<div class=\"mkdf-post-info-category\" style=\" background-color: #694828\"><a href=\"https:\/\/www.suessemjetaime.lu\/fr\/category\/food\/gustoso\/\">Gustoso<\/a><\/div>            <\/div>\n            <div>\n\t\t\t    \n<h5 itemprop=\"name\" class=\"entry-title mkdf-post-title\">\n\t<a itemprop=\"url\" href=\"https:\/\/www.suessemjetaime.lu\/fr\/vive-la-france\/\" title=\"Vive la France !\">\n\t\tVive la France !\t<\/a>\n<\/h5>            <\/div>\n        <\/div>\n\t<\/div>\n<\/div><div class=\"mkdf-news-item mkdf-layout1-item mkdf-item-space\">\n\t<div class=\"mkdf-ni-image-holder\">\n\t\t\t<div class=\"mkdf-post-image\">\n\t\t<a itemprop=\"url\" href=\"https:\/\/www.suessemjetaime.lu\/fr\/la-syrie-un-bouquet-de-parfums\/\" title=\"La Syrie, un bouquet de parfums\">\n\t\t\t<img width=\"6000\" height=\"4000\" src=\"https:\/\/www.suessemjetaime.lu\/wp-content\/uploads\/2019\/12\/DSCF5375.jpg\" class=\"attachment-full size-full wp-post-image\" alt=\"\" loading=\"lazy\" srcset=\"https:\/\/www.suessemjetaime.lu\/wp-content\/uploads\/2019\/12\/DSCF5375.jpg 6000w, https:\/\/www.suessemjetaime.lu\/wp-content\/uploads\/2019\/12\/DSCF5375-300x200.jpg 300w, https:\/\/www.suessemjetaime.lu\/wp-content\/uploads\/2019\/12\/DSCF5375-768x512.jpg 768w, https:\/\/www.suessemjetaime.lu\/wp-content\/uploads\/2019\/12\/DSCF5375-1024x683.jpg 1024w, https:\/\/www.suessemjetaime.lu\/wp-content\/uploads\/2019\/12\/DSCF5375-600x400.jpg 600w\" sizes=\"(max-width: 6000px) 100vw, 6000px\" \/>\t\t<\/a>\n\t<\/div>\n\t\t\t\t        <div class=\"mkdf-ni-content\">\n            <div class=\"mkdf-ni-info mkdf-ni-info-top\">\n\t\t\t\t<div class=\"mkdf-post-info-category\" style=\" background-color: #694828\"><a href=\"https:\/\/www.suessemjetaime.lu\/fr\/category\/food\/gustoso\/\">Gustoso<\/a><\/div>            <\/div>\n            <div>\n\t\t\t    \n<h5 itemprop=\"name\" class=\"entry-title mkdf-post-title\">\n\t<a itemprop=\"url\" href=\"https:\/\/www.suessemjetaime.lu\/fr\/la-syrie-un-bouquet-de-parfums\/\" title=\"La Syrie, un bouquet de parfums\">\n\t\tLa Syrie, un bouquet de parfums\t<\/a>\n<\/h5>            <\/div>\n        <\/div>\n\t<\/div>\n<\/div><div class=\"mkdf-news-item mkdf-layout1-item mkdf-item-space\">\n\t<div class=\"mkdf-ni-image-holder\">\n\t\t\t<div class=\"mkdf-post-image\">\n\t\t<a itemprop=\"url\" href=\"https:\/\/www.suessemjetaime.lu\/fr\/gustoso-cest-bon-cest-belge\/\" title=\"C&rsquo;est bon, c&rsquo;est belge\">\n\t\t\t<img width=\"1200\" height=\"800\" src=\"https:\/\/www.suessemjetaime.lu\/wp-content\/uploads\/2019\/11\/P1010529.jpg\" class=\"attachment-full size-full wp-post-image\" alt=\"\" loading=\"lazy\" srcset=\"https:\/\/www.suessemjetaime.lu\/wp-content\/uploads\/2019\/11\/P1010529.jpg 1200w, https:\/\/www.suessemjetaime.lu\/wp-content\/uploads\/2019\/11\/P1010529-300x200.jpg 300w, https:\/\/www.suessemjetaime.lu\/wp-content\/uploads\/2019\/11\/P1010529-768x512.jpg 768w, https:\/\/www.suessemjetaime.lu\/wp-content\/uploads\/2019\/11\/P1010529-1024x683.jpg 1024w, https:\/\/www.suessemjetaime.lu\/wp-content\/uploads\/2019\/11\/P1010529-600x400.jpg 600w\" sizes=\"(max-width: 1200px) 100vw, 1200px\" \/>\t\t<\/a>\n\t<\/div>\n\t\t\t\t        <div class=\"mkdf-ni-content\">\n            <div class=\"mkdf-ni-info mkdf-ni-info-top\">\n\t\t\t\t<div class=\"mkdf-post-info-category\" style=\" background-color: #694828\"><a href=\"https:\/\/www.suessemjetaime.lu\/fr\/category\/food\/gustoso\/\">Gustoso<\/a><\/div>            <\/div>\n            <div>\n\t\t\t    \n<h5 itemprop=\"name\" class=\"entry-title mkdf-post-title\">\n\t<a itemprop=\"url\" href=\"https:\/\/www.suessemjetaime.lu\/fr\/gustoso-cest-bon-cest-belge\/\" title=\"C&rsquo;est bon, c&rsquo;est belge\">\n\t\tC&rsquo;est bon, c&rsquo;est belge\t<\/a>\n<\/h5>            <\/div>\n        <\/div>\n\t<\/div>\n<\/div><div class=\"mkdf-news-item mkdf-layout1-item mkdf-item-space\">\n\t<div class=\"mkdf-ni-image-holder\">\n\t\t\t<div class=\"mkdf-post-image\">\n\t\t<a itemprop=\"url\" href=\"https:\/\/www.suessemjetaime.lu\/fr\/goutez-le-frioul-venetie-julienne\/\" title=\"Go\u00fbtez le Frioul-V\u00e9n\u00e9tie Julienne\">\n\t\t\t<img width=\"4608\" height=\"3456\" src=\"https:\/\/www.suessemjetaime.lu\/wp-content\/uploads\/2019\/12\/P1010002.jpg\" class=\"attachment-full size-full wp-post-image\" alt=\"\" loading=\"lazy\" srcset=\"https:\/\/www.suessemjetaime.lu\/wp-content\/uploads\/2019\/12\/P1010002.jpg 4608w, https:\/\/www.suessemjetaime.lu\/wp-content\/uploads\/2019\/12\/P1010002-300x225.jpg 300w, https:\/\/www.suessemjetaime.lu\/wp-content\/uploads\/2019\/12\/P1010002-768x576.jpg 768w, https:\/\/www.suessemjetaime.lu\/wp-content\/uploads\/2019\/12\/P1010002-1024x768.jpg 1024w, https:\/\/www.suessemjetaime.lu\/wp-content\/uploads\/2019\/12\/P1010002-600x450.jpg 600w\" sizes=\"(max-width: 4608px) 100vw, 4608px\" \/>\t\t<\/a>\n\t<\/div>\n\t\t\t\t        <div class=\"mkdf-ni-content\">\n            <div class=\"mkdf-ni-info mkdf-ni-info-top\">\n\t\t\t\t<div class=\"mkdf-post-info-category\" style=\" background-color: #694828\"><a href=\"https:\/\/www.suessemjetaime.lu\/fr\/category\/food\/gustoso\/\">Gustoso<\/a><\/div>            <\/div>\n            <div>\n\t\t\t    \n<h5 itemprop=\"name\" class=\"entry-title mkdf-post-title\">\n\t<a itemprop=\"url\" href=\"https:\/\/www.suessemjetaime.lu\/fr\/goutez-le-frioul-venetie-julienne\/\" title=\"Go\u00fbtez le Frioul-V\u00e9n\u00e9tie Julienne\">\n\t\tGo\u00fbtez le Frioul-V\u00e9n\u00e9tie Julienne\t<\/a>\n<\/h5>            <\/div>\n        <\/div>\n\t<\/div>\n<\/div><div class=\"mkdf-news-item mkdf-layout1-item mkdf-item-space\">\n\t<div class=\"mkdf-ni-image-holder\">\n\t\t\t<div class=\"mkdf-post-image\">\n\t\t<a itemprop=\"url\" href=\"https:\/\/www.suessemjetaime.lu\/fr\/gustoso-erythree\/\" title=\"Convivialit\u00e9 \u00e0 l&rsquo;erythr\u00e9enne\">\n\t\t\t<img width=\"5867\" height=\"3911\" src=\"https:\/\/www.suessemjetaime.lu\/wp-content\/uploads\/2019\/07\/DSCF2366.jpg\" class=\"attachment-full size-full wp-post-image\" alt=\"\" loading=\"lazy\" srcset=\"https:\/\/www.suessemjetaime.lu\/wp-content\/uploads\/2019\/07\/DSCF2366.jpg 5867w, https:\/\/www.suessemjetaime.lu\/wp-content\/uploads\/2019\/07\/DSCF2366-300x200.jpg 300w, https:\/\/www.suessemjetaime.lu\/wp-content\/uploads\/2019\/07\/DSCF2366-768x512.jpg 768w, https:\/\/www.suessemjetaime.lu\/wp-content\/uploads\/2019\/07\/DSCF2366-1024x683.jpg 1024w, https:\/\/www.suessemjetaime.lu\/wp-content\/uploads\/2019\/07\/DSCF2366-600x400.jpg 600w\" sizes=\"(max-width: 5867px) 100vw, 5867px\" \/>\t\t<\/a>\n\t<\/div>\n\t\t\t\t        <div class=\"mkdf-ni-content\">\n            <div class=\"mkdf-ni-info mkdf-ni-info-top\">\n\t\t\t\t<div class=\"mkdf-post-info-category\" style=\" background-color: #694828\"><a href=\"https:\/\/www.suessemjetaime.lu\/fr\/category\/food\/gustoso\/\">Gustoso<\/a><\/div>            <\/div>\n            <div>\n\t\t\t    \n<h5 itemprop=\"name\" class=\"entry-title mkdf-post-title\">\n\t<a itemprop=\"url\" href=\"https:\/\/www.suessemjetaime.lu\/fr\/gustoso-erythree\/\" title=\"Convivialit\u00e9 \u00e0 l&rsquo;erythr\u00e9enne\">\n\t\tConvivialit\u00e9 \u00e0 l&rsquo;erythr\u00e9enne\t<\/a>\n<\/h5>            <\/div>\n        <\/div>\n\t<\/div>\n<\/div><div class=\"mkdf-news-item mkdf-layout1-item mkdf-item-space\">\n\t<div class=\"mkdf-ni-image-holder\">\n\t\t\t<div class=\"mkdf-post-image\">\n\t\t<a itemprop=\"url\" href=\"https:\/\/www.suessemjetaime.lu\/fr\/voyage-gustatif-au-panama\/\" title=\"Voyage gustatif au Panama\">\n\t\t\t<img width=\"1200\" height=\"800\" src=\"https:\/\/www.suessemjetaime.lu\/wp-content\/uploads\/2019\/09\/panama_gustoso_vignette.jpg\" class=\"attachment-full size-full wp-post-image\" alt=\"\" loading=\"lazy\" srcset=\"https:\/\/www.suessemjetaime.lu\/wp-content\/uploads\/2019\/09\/panama_gustoso_vignette.jpg 1200w, https:\/\/www.suessemjetaime.lu\/wp-content\/uploads\/2019\/09\/panama_gustoso_vignette-300x200.jpg 300w, https:\/\/www.suessemjetaime.lu\/wp-content\/uploads\/2019\/09\/panama_gustoso_vignette-768x512.jpg 768w, https:\/\/www.suessemjetaime.lu\/wp-content\/uploads\/2019\/09\/panama_gustoso_vignette-1024x683.jpg 1024w, https:\/\/www.suessemjetaime.lu\/wp-content\/uploads\/2019\/09\/panama_gustoso_vignette-600x400.jpg 600w\" sizes=\"(max-width: 1200px) 100vw, 1200px\" \/>\t\t<\/a>\n\t<\/div>\n\t\t\t\t        <div class=\"mkdf-ni-content\">\n            <div class=\"mkdf-ni-info mkdf-ni-info-top\">\n\t\t\t\t<div class=\"mkdf-post-info-category\" style=\" background-color: #694828\"><a href=\"https:\/\/www.suessemjetaime.lu\/fr\/category\/food\/gustoso\/\">Gustoso<\/a><\/div>            <\/div>\n            <div>\n\t\t\t    \n<h5 itemprop=\"name\" class=\"entry-title mkdf-post-title\">\n\t<a itemprop=\"url\" href=\"https:\/\/www.suessemjetaime.lu\/fr\/voyage-gustatif-au-panama\/\" title=\"Voyage gustatif au Panama\">\n\t\tVoyage gustatif au Panama\t<\/a>\n<\/h5>            <\/div>\n        <\/div>\n\t<\/div>\n<\/div><div class=\"mkdf-news-item mkdf-layout1-item mkdf-item-space\">\n\t<div class=\"mkdf-ni-image-holder\">\n\t\t\t<div class=\"mkdf-post-image\">\n\t\t<a itemprop=\"url\" href=\"https:\/\/www.suessemjetaime.lu\/fr\/les-saveurs-ditalie-du-sud-dans-lassiette\/\" title=\"Les saveurs d\u2019Italie du sud dans l\u2019assiette\">\n\t\t\t<img width=\"380\" height=\"253\" src=\"https:\/\/www.suessemjetaime.lu\/wp-content\/uploads\/2019\/03\/380_253_sanem_gustoso-1024x683.jpg\" class=\"attachment-full size-full\" alt=\"\" loading=\"lazy\" srcset=\"https:\/\/www.suessemjetaime.lu\/wp-content\/uploads\/2019\/03\/380_253_sanem_gustoso-1024x683.jpg 380w, https:\/\/www.suessemjetaime.lu\/wp-content\/uploads\/2019\/03\/380_253_sanem_gustoso-1024x683-300x200.jpg 300w\" sizes=\"(max-width: 380px) 100vw, 380px\" \/>\t\t<\/a>\n\t<\/div>\n\t\t\t\t        <div class=\"mkdf-ni-content\">\n            <div class=\"mkdf-ni-info mkdf-ni-info-top\">\n\t\t\t\t<div class=\"mkdf-post-info-category\" style=\" background-color: #694828\"><a href=\"https:\/\/www.suessemjetaime.lu\/fr\/category\/food\/gustoso\/\">Gustoso<\/a><\/div>            <\/div>\n            <div>\n\t\t\t    \n<h5 itemprop=\"name\" class=\"entry-title mkdf-post-title\">\n\t<a itemprop=\"url\" href=\"https:\/\/www.suessemjetaime.lu\/fr\/les-saveurs-ditalie-du-sud-dans-lassiette\/\" title=\"Les saveurs d\u2019Italie du sud dans l\u2019assiette\">\n\t\tLes saveurs d\u2019Italie du sud dans l\u2019assiette\t<\/a>\n<\/h5>            <\/div>\n        <\/div>\n\t<\/div>\n<\/div><\/div><\/div>[\/vc_column][\/vc_row]<\/p>\n","protected":false},"excerpt":{"rendered":"<p>[vc_row][vc_column][vc_empty_space height=\u00a0\u00bb50&Prime;][\/vc_column][\/vc_row][vc_row][vc_column][\/vc_column][\/vc_row]<\/p>\n","protected":false},"author":4,"featured_media":0,"parent":0,"menu_order":0,"comment_status":"closed","ping_status":"closed","template":"","meta":[],"yoast_head":"<!-- This site is optimized with the Yoast SEO plugin v15.2.1 - https:\/\/yoast.com\/wordpress\/plugins\/seo\/ -->\n<title>Gustoso ! &bull; Suessem, je t&#039;aime<\/title>\n<meta name=\"robots\" content=\"index, follow, max-snippet:-1, max-image-preview:large, max-video-preview:-1\" \/>\n<link rel=\"canonical\" href=\"https:\/\/www.suessemjetaime.lu\/fr\/gustoso\/\" \/>\n<meta property=\"og:locale\" content=\"fr_FR\" \/>\n<meta property=\"og:type\" content=\"article\" \/>\n<meta property=\"og:title\" content=\"Gustoso ! &bull; Suessem, je t&#039;aime\" \/>\n<meta property=\"og:description\" content=\"[vc_row][vc_column][vc_empty_space height=\u00a0\u00bb50&Prime;][\/vc_column][\/vc_row][vc_row][vc_column][\/vc_column][\/vc_row]\" \/>\n<meta property=\"og:url\" content=\"https:\/\/www.suessemjetaime.lu\/fr\/gustoso\/\" \/>\n<meta property=\"og:site_name\" content=\"Suessem, je t&#039;aime\" \/>\n<meta property=\"article:publisher\" content=\"https:\/\/www.facebook.com\/communedesanem\/\" \/>\n<meta property=\"article:modified_time\" content=\"2019-08-06T06:53:16+00:00\" \/>\n<meta name=\"twitter:card\" content=\"summary_large_image\" \/>\n<meta name=\"twitter:label1\" content=\"\u00c9crit par\">\n\t<meta name=\"twitter:data1\" content=\"Suessem\">\n\t<meta name=\"twitter:label2\" content=\"Dur\u00e9e de lecture est.\">\n\t<meta name=\"twitter:data2\" content=\"0 minute\">\n<script type=\"application\/ld+json\" class=\"yoast-schema-graph\">{\"@context\":\"https:\/\/schema.org\",\"@graph\":[{\"@type\":\"Organization\",\"@id\":\"https:\/\/www.suessemjetaime.lu\/#organization\",\"name\":\"Commune de Sanem\",\"url\":\"https:\/\/www.suessemjetaime.lu\/\",\"sameAs\":[\"https:\/\/www.facebook.com\/communedesanem\/\",\"https:\/\/www.youtube.com\/channel\/UCVN7kgmkkpcfy3Hb63mx_tQ\/featured\"],\"logo\":{\"@type\":\"ImageObject\",\"@id\":\"https:\/\/www.suessemjetaime.lu\/#logo\",\"inLanguage\":\"fr-FR\",\"url\":\"https:\/\/www.suessemjetaime.lu\/wp-content\/uploads\/2019\/03\/400_188_LOGO_SANEM.png\",\"width\":400,\"height\":188,\"caption\":\"Commune de Sanem\"},\"image\":{\"@id\":\"https:\/\/www.suessemjetaime.lu\/#logo\"}},{\"@type\":\"WebSite\",\"@id\":\"https:\/\/www.suessemjetaime.lu\/#website\",\"url\":\"https:\/\/www.suessemjetaime.lu\/\",\"name\":\"Suessem, je t&#039;aime\",\"description\":\"le Blog de la commune de Sanem\",\"publisher\":{\"@id\":\"https:\/\/www.suessemjetaime.lu\/#organization\"},\"potentialAction\":[{\"@type\":\"SearchAction\",\"target\":\"https:\/\/www.suessemjetaime.lu\/?s={search_term_string}\",\"query-input\":\"required name=search_term_string\"}],\"inLanguage\":\"fr-FR\"},{\"@type\":\"WebPage\",\"@id\":\"https:\/\/www.suessemjetaime.lu\/fr\/gustoso\/#webpage\",\"url\":\"https:\/\/www.suessemjetaime.lu\/fr\/gustoso\/\",\"name\":\"Gustoso ! &bull; Suessem, je t&#039;aime\",\"isPartOf\":{\"@id\":\"https:\/\/www.suessemjetaime.lu\/#website\"},\"datePublished\":\"2019-07-15T13:28:48+00:00\",\"dateModified\":\"2019-08-06T06:53:16+00:00\",\"inLanguage\":\"fr-FR\",\"potentialAction\":[{\"@type\":\"ReadAction\",\"target\":[\"https:\/\/www.suessemjetaime.lu\/fr\/gustoso\/\"]}]}]}<\/script>\n<!-- \/ Yoast SEO plugin. -->","_links":{"self":[{"href":"https:\/\/www.suessemjetaime.lu\/fr\/wp-json\/wp\/v2\/pages\/4520\/"}],"collection":[{"href":"https:\/\/www.suessemjetaime.lu\/fr\/wp-json\/wp\/v2\/pages\/"}],"about":[{"href":"https:\/\/www.suessemjetaime.lu\/fr\/wp-json\/wp\/v2\/types\/page\/"}],"author":[{"embeddable":true,"href":"https:\/\/www.suessemjetaime.lu\/fr\/wp-json\/wp\/v2\/users\/4\/"}],"replies":[{"embeddable":true,"href":"https:\/\/www.suessemjetaime.lu\/fr\/wp-json\/wp\/v2\/comments\/?post=4520"}],"version-history":[{"count":5,"href":"https:\/\/www.suessemjetaime.lu\/fr\/wp-json\/wp\/v2\/pages\/4520\/revisions\/"}],"predecessor-version":[{"id":4849,"href":"https:\/\/www.suessemjetaime.lu\/fr\/wp-json\/wp\/v2\/pages\/4520\/revisions\/4849\/"}],"wp:attachment":[{"href":"https:\/\/www.suessemjetaime.lu\/fr\/wp-json\/wp\/v2\/media\/?parent=4520"}],"curies":[{"name":"wp","href":"https:\/\/api.w.org\/{rel}","templated":true}]}}